{"id":1839,"date":"2022-05-31T09:03:54","date_gmt":"2022-05-31T09:03:54","guid":{"rendered":"https:\/\/lamatajardiners.cat\/quienes-somos\/"},"modified":"2023-04-25T10:34:06","modified_gmt":"2023-04-25T10:34:06","slug":"quienes-somos","status":"publish","type":"page","link":"https:\/\/lamatajardiners.cat\/es\/quienes-somos\/","title":{"rendered":"Quienes somos"},"content":{"rendered":"\t\t<div data-elementor-type=\"wp-page\" data-elementor-id=\"1839\" class=\"elementor elementor-1839 elementor-278\" data-elementor-post-type=\"page\">\n\t\t\t\t\t\t\t\t\t<section class=\"elementor-section elementor-top-section elementor-element elementor-element-47ef570 elementor-section-full_width elementor-section-height-default elementor-section-height-default\" data-id=\"47ef570\" data-element_type=\"section\">\n\t\t\t\t\t\t<div class=\"elementor-container elementor-column-gap-default\">\n\t\t\t\t\t<div class=\"elementor-column elementor-col-100 elementor-top-column elementor-element elementor-element-7cd7e56\" data-id=\"7cd7e56\" data-element_type=\"column\">\n\t\t\t<div class=\"elementor-widget-wrap elementor-element-populated\">\n\t\t\t\t\t\t\t\t<div class=\"elementor-element elementor-element-fe4e092 elementor-widget elementor-widget-heading\" data-id=\"fe4e092\" data-element_type=\"widget\" data-widget_type=\"heading.default\">\n\t\t\t\t<div class=\"elementor-widget-container\">\n\t\t\t<style>\/*! elementor - v3.15.0 - 20-08-2023 *\/\n.elementor-heading-title{padding:0;margin:0;line-height:1}.elementor-widget-heading .elementor-heading-title[class*=elementor-size-]>a{color:inherit;font-size:inherit;line-height:inherit}.elementor-widget-heading .elementor-heading-title.elementor-size-small{font-size:15px}.elementor-widget-heading .elementor-heading-title.elementor-size-medium{font-size:19px}.elementor-widget-heading .elementor-heading-title.elementor-size-large{font-size:29px}.elementor-widget-heading .elementor-heading-title.elementor-size-xl{font-size:39px}.elementor-widget-heading .elementor-heading-title.elementor-size-xxl{font-size:59px}<\/style><h1 class=\"elementor-heading-title elementor-size-default\">Quienes somos<\/h1>\t\t<\/div>\n\t\t\t\t<\/div>\n\t\t\t\t\t<\/div>\n\t\t<\/div>\n\t\t\t\t\t\t\t<\/div>\n\t\t<\/section>\n\t\t\t\t<section class=\"elementor-section elementor-top-section elementor-element elementor-element-5bd0838 elementor-section-full_width elementor-section-height-default elementor-section-height-default\" data-id=\"5bd0838\" data-element_type=\"section\">\n\t\t\t\t\t\t<div class=\"elementor-container elementor-column-gap-default\">\n\t\t\t\t\t<div class=\"elementor-column elementor-col-100 elementor-top-column elementor-element elementor-element-b698b9f\" data-id=\"b698b9f\" data-element_type=\"column\">\n\t\t\t<div class=\"elementor-widget-wrap elementor-element-populated\">\n\t\t\t\t\t\t\t\t<section class=\"elementor-section elementor-inner-section elementor-element elementor-element-7b829b4 elementor-section-full_width elementor-section-height-default elementor-section-height-default\" data-id=\"7b829b4\" data-element_type=\"section\">\n\t\t\t\t\t\t<div class=\"elementor-container elementor-column-gap-default\">\n\t\t\t\t\t<div class=\"elementor-column elementor-col-50 elementor-inner-column elementor-element elementor-element-dda52d9\" data-id=\"dda52d9\" data-element_type=\"column\">\n\t\t\t<div class=\"elementor-widget-wrap elementor-element-populated\">\n\t\t\t\t\t\t\t\t<div class=\"elementor-element elementor-element-79c3655 elementor-widget elementor-widget-text-editor\" data-id=\"79c3655\" data-element_type=\"widget\" data-widget_type=\"text-editor.default\">\n\t\t\t\t<div class=\"elementor-widget-container\">\n\t\t\t<style>\/*! elementor - v3.15.0 - 20-08-2023 *\/\n.elementor-widget-text-editor.elementor-drop-cap-view-stacked .elementor-drop-cap{background-color:#69727d;color:#fff}.elementor-widget-text-editor.elementor-drop-cap-view-framed .elementor-drop-cap{color:#69727d;border:3px solid;background-color:transparent}.elementor-widget-text-editor:not(.elementor-drop-cap-view-default) .elementor-drop-cap{margin-top:8px}.elementor-widget-text-editor:not(.elementor-drop-cap-view-default) .elementor-drop-cap-letter{width:1em;height:1em}.elementor-widget-text-editor .elementor-drop-cap{float:left;text-align:center;line-height:1;font-size:50px}.elementor-widget-text-editor .elementor-drop-cap-letter{display:inline-block}<\/style>\t\t\t\t<p>En abril de 1992, cuando nuestra Cooperativa qued\u00f3 legalmente constituida, \u00e9ramos un grupo de j\u00f3venes ilusionados, enamorados de nuestro oficio y muy conscientes de las limitaciones y obst\u00e1culos que nos pod\u00edamos encontrar a la hora de asumir este tipo de producci\u00f3n.<\/p>\n\t\t\t\t\t\t<\/div>\n\t\t\t\t<\/div>\n\t\t\t\t<div class=\"elementor-element elementor-element-4b53dc6 elementor-widget elementor-widget-text-editor\" data-id=\"4b53dc6\" data-element_type=\"widget\" data-widget_type=\"text-editor.default\">\n\t\t\t\t<div class=\"elementor-widget-container\">\n\t\t\t\t\t\t\t<p>Han pasado m\u00e1s de 30 a\u00f1os.<strong>30<\/strong> !!! y no s\u00f3lo hemos logrado mantener ese entusiasmo sino que, hemos crecido en experiencia y profesionalidad.<\/p>\n\t\t\t\t\t\t<\/div>\n\t\t\t\t<\/div>\n\t\t\t\t<div class=\"elementor-element elementor-element-b63906b elementor-widget elementor-widget-text-editor\" data-id=\"b63906b\" data-element_type=\"widget\" data-widget_type=\"text-editor.default\">\n\t\t\t\t<div class=\"elementor-widget-container\">\n\t\t\t\t\t\t\t<p>Poco a poco, con paso firme. Planificando y creciendo ordenadamente. Intentando aprender y mejorando d\u00eda a d\u00eda.<\/p>\n\t\t\t\t\t\t<\/div>\n\t\t\t\t<\/div>\n\t\t\t\t<div class=\"elementor-element elementor-element-ffce1c7 elementor-widget elementor-widget-text-editor\" data-id=\"ffce1c7\" data-element_type=\"widget\" data-widget_type=\"text-editor.default\">\n\t\t\t\t<div class=\"elementor-widget-container\">\n\t\t\t\t\t\t\t<p>Gracias a todas las personas que nos han ayudado, a nuestros clientes, proveedores,&nbsp; entidades, asociaciones, colectivos&#8230; que nos han dado confianza durante todo este tiempo.<\/p>\n\t\t\t\t\t\t<\/div>\n\t\t\t\t<\/div>\n\t\t\t\t\t<\/div>\n\t\t<\/div>\n\t\t\t\t<div class=\"elementor-column elementor-col-50 elementor-inner-column elementor-element elementor-element-b093382\" data-id=\"b093382\" data-element_type=\"column\" data-settings=\"{&quot;background_background&quot;:&quot;classic&quot;}\">\n\t\t\t<div class=\"elementor-widget-wrap elementor-element-populated\">\n\t\t\t\t\t\t\t\t<div class=\"elementor-element elementor-element-6397a9f elementor-widget__width-initial elementor-invisible elementor-widget elementor-widget-image\" data-id=\"6397a9f\" data-element_type=\"widget\" data-settings=\"{&quot;_animation&quot;:&quot;fadeIn&quot;}\" data-widget_type=\"image.default\">\n\t\t\t\t<div class=\"elementor-widget-container\">\n\t\t\t<style>\/*! elementor - v3.15.0 - 20-08-2023 *\/\n.elementor-widget-image{text-align:center}.elementor-widget-image a{display:inline-block}.elementor-widget-image a img[src$=\".svg\"]{width:48px}.elementor-widget-image img{vertical-align:middle;display:inline-block}<\/style>\t\t\t\t\t\t\t\t\t\t\t\t\t<a href=\"https:\/\/lamatajardiners.cat\/es\/categoria-producto\/planta-es\/\">\n\t\t\t\t\t\t\t<img decoding=\"async\" width=\"640\" height=\"640\" src=\"https:\/\/lamatajardiners.cat\/wp-content\/uploads\/2022\/05\/quisom.jpg\" class=\"attachment-full size-full wp-image-289\" alt=\"\" loading=\"lazy\" srcset=\"https:\/\/lamatajardiners.cat\/wp-content\/uploads\/2022\/05\/quisom.jpg 640w, https:\/\/lamatajardiners.cat\/wp-content\/uploads\/2022\/05\/quisom-300x300.jpg 300w, https:\/\/lamatajardiners.cat\/wp-content\/uploads\/2022\/05\/quisom-150x150.jpg 150w, https:\/\/lamatajardiners.cat\/wp-content\/uploads\/2022\/05\/quisom-600x600.jpg 600w, https:\/\/lamatajardiners.cat\/wp-content\/uploads\/2022\/05\/quisom-100x100.jpg 100w\" sizes=\"(max-width: 640px) 100vw, 640px\" \/>\t\t\t\t\t\t\t\t<\/a>\n\t\t\t\t\t\t\t\t\t\t\t\t\t\t\t<\/div>\n\t\t\t\t<\/div>\n\t\t\t\t\t<\/div>\n\t\t<\/div>\n\t\t\t\t\t\t\t<\/div>\n\t\t<\/section>\n\t\t\t\t\t<\/div>\n\t\t<\/div>\n\t\t\t\t\t\t\t<\/div>\n\t\t<\/section>\n\t\t\t\t<section class=\"elementor-section elementor-top-section elementor-element elementor-element-99c8e43 elementor-section-full_width elementor-section-height-default elementor-section-height-default\" data-id=\"99c8e43\" data-element_type=\"section\">\n\t\t\t\t\t\t<div class=\"elementor-container elementor-column-gap-default\">\n\t\t\t\t\t<div class=\"elementor-column elementor-col-33 elementor-top-column elementor-element elementor-element-85a6616\" data-id=\"85a6616\" data-element_type=\"column\">\n\t\t\t<div class=\"elementor-widget-wrap elementor-element-populated\">\n\t\t\t\t\t\t\t\t<div class=\"elementor-element elementor-element-f38fac3 elementor-widget elementor-widget-video\" data-id=\"f38fac3\" data-element_type=\"widget\" data-settings=\"{&quot;video_type&quot;:&quot;hosted&quot;,&quot;autoplay&quot;:&quot;yes&quot;,&quot;loop&quot;:&quot;yes&quot;,&quot;play_on_mobile&quot;:&quot;yes&quot;,&quot;controls&quot;:&quot;yes&quot;}\" data-widget_type=\"video.default\">\n\t\t\t\t<div class=\"elementor-widget-container\">\n\t\t\t<style>\/*! elementor - v3.15.0 - 20-08-2023 *\/\n.elementor-widget-video .elementor-widget-container{overflow:hidden;transform:translateZ(0)}.elementor-widget-video .elementor-wrapper{aspect-ratio:var(--video-aspect-ratio)}.elementor-widget-video .elementor-wrapper iframe,.elementor-widget-video .elementor-wrapper video{height:100%;width:100%;display:flex;border:none;background-color:#000}@supports not (aspect-ratio:1\/1){.elementor-widget-video .elementor-wrapper{position:relative;overflow:hidden;height:0;padding-bottom:calc(100% \/ var(--video-aspect-ratio))}.elementor-widget-video .elementor-wrapper iframe,.elementor-widget-video .elementor-wrapper video{position:absolute;top:0;right:0;bottom:0;left:0}}.elementor-widget-video .elementor-open-inline .elementor-custom-embed-image-overlay{position:absolute;top:0;right:0;bottom:0;left:0;background-size:cover;background-position:50%}.elementor-widget-video .elementor-custom-embed-image-overlay{cursor:pointer;text-align:center}.elementor-widget-video .elementor-custom-embed-image-overlay:hover .elementor-custom-embed-play i{opacity:1}.elementor-widget-video .elementor-custom-embed-image-overlay img{display:block;width:100%;aspect-ratio:var(--video-aspect-ratio);-o-object-fit:cover;object-fit:cover;-o-object-position:center center;object-position:center center}@supports not (aspect-ratio:1\/1){.elementor-widget-video .elementor-custom-embed-image-overlay{position:relative;overflow:hidden;height:0;padding-bottom:calc(100% \/ var(--video-aspect-ratio))}.elementor-widget-video .elementor-custom-embed-image-overlay img{position:absolute;top:0;right:0;bottom:0;left:0}}.elementor-widget-video .e-hosted-video .elementor-video{-o-object-fit:cover;object-fit:cover}.e-con-inner>.elementor-widget-video,.e-con>.elementor-widget-video{width:var(--container-widget-width);--flex-grow:var(--container-widget-flex-grow)}<\/style>\t\t<div class=\"e-hosted-video elementor-wrapper elementor-open-inline\">\n\t\t\t\t\t<video class=\"elementor-video\" src=\"https:\/\/lamatajardiners.cat\/quisom.mp4\" autoplay=\"\" loop=\"\" controls=\"\" playsinline=\"\" controlsList=\"nodownload\"><\/video>\n\t\t\t\t<\/div>\n\t\t\t\t<\/div>\n\t\t\t\t<\/div>\n\t\t\t\t\t<\/div>\n\t\t<\/div>\n\t\t\t\t<div class=\"elementor-column elementor-col-66 elementor-top-column elementor-element elementor-element-dbceac9\" data-id=\"dbceac9\" data-element_type=\"column\">\n\t\t\t<div class=\"elementor-widget-wrap elementor-element-populated\">\n\t\t\t\t\t\t\t\t<div class=\"elementor-element elementor-element-622b9ab elementor-widget elementor-widget-heading\" data-id=\"622b9ab\" data-element_type=\"widget\" data-widget_type=\"heading.default\">\n\t\t\t\t<div class=\"elementor-widget-container\">\n\t\t\t<h2 class=\"elementor-heading-title elementor-size-default\">La tienda<\/h2>\t\t<\/div>\n\t\t\t\t<\/div>\n\t\t\t\t<div class=\"elementor-element elementor-element-3006251 elementor-widget elementor-widget-text-editor\" data-id=\"3006251\" data-element_type=\"widget\" data-widget_type=\"text-editor.default\">\n\t\t\t\t<div class=\"elementor-widget-container\">\n\t\t\t\t\t\t\t<p>Despu\u00e9s de veinticinco a\u00f1os en lo alto de La Riera, decidimos desplazarnos un poco m\u00e1s abajo y fortalecer el tejido comercial de Matar\u00f3 que hay entre murallas.<\/p>\n\t\t\t\t\t\t<\/div>\n\t\t\t\t<\/div>\n\t\t\t\t<div class=\"elementor-element elementor-element-1d32611 elementor-widget elementor-widget-text-editor\" data-id=\"1d32611\" data-element_type=\"widget\" data-widget_type=\"text-editor.default\">\n\t\t\t\t<div class=\"elementor-widget-container\">\n\t\t\t\t\t\t\t<p>En el n\u00famero 20 de la calle Argentona encontramos el sitio perfecto. Con la complicidad de amigos y familiares, conseguimos dar luz al espacio donde hac\u00eda un centenar de a\u00f1os que, Ant\u00f2nia y despu\u00e9s Clara, ya vend\u00edan flores.<\/p>\n\t\t\t\t\t\t<\/div>\n\t\t\t\t<\/div>\n\t\t\t\t<div class=\"elementor-element elementor-element-d82bdfe elementor-widget elementor-widget-text-editor\" data-id=\"d82bdfe\" data-element_type=\"widget\" data-widget_type=\"text-editor.default\">\n\t\t\t\t<div class=\"elementor-widget-container\">\n\t\t\t\t\t\t\t<p>Orgullosos de dar continuidad al sector en un sitio realmente exquisito<\/p>\n\t\t\t\t\t\t<\/div>\n\t\t\t\t<\/div>\n\t\t\t\t\t<\/div>\n\t\t<\/div>\n\t\t\t\t\t\t\t<\/div>\n\t\t<\/section>\n\t\t\t\t\t\t\t<\/div>\n\t\t","protected":false},"excerpt":{"rendered":"<p>Quienes somos En abril de 1992, cuando nuestra Cooperativa qued\u00f3 legalmente constituida, \u00e9ramos un grupo de j\u00f3venes ilusionados, enamorados de nuestro oficio y muy conscientes de las limitaciones y obst\u00e1culos que nos pod\u00edamos encontrar a la hora de asumir este tipo de producci\u00f3n. Han pasado m\u00e1s de 30 a\u00f1os.30 !!! y no s\u00f3lo hemos logrado [&hellip;]<\/p>\n","protected":false},"author":1,"featured_media":0,"parent":0,"menu_order":0,"comment_status":"closed","ping_status":"closed","template":"elementor_header_footer","meta":[],"yoast_head":"<!-- This site is optimized with the Yoast SEO plugin v20.13 - https:\/\/yoast.com\/wordpress\/plugins\/seo\/ -->\n<title>Quienes somos - La Mata Jardiners<\/title>\n<meta name=\"description\" content=\"\u00bfQuienes somos? Som una cooperativa de floristeria situada al carrer Argentona 20 de Matar\u00f3 especialistes en composicions florals.\" \/>\n<meta name=\"robots\" content=\"index, follow, max-snippet:-1, max-image-preview:large, max-video-preview:-1\" \/>\n<link rel=\"canonical\" href=\"https:\/\/lamatajardiners.cat\/es\/quienes-somos\/\" \/>\n<meta property=\"og:locale\" content=\"es_ES\" \/>\n<meta property=\"og:type\" content=\"article\" \/>\n<meta property=\"og:title\" content=\"Quienes somos - La Mata Jardiners\" \/>\n<meta property=\"og:description\" content=\"\u00bfQuienes somos? Som una cooperativa de floristeria situada al carrer Argentona 20 de Matar\u00f3 especialistes en composicions florals.\" \/>\n<meta property=\"og:url\" content=\"https:\/\/lamatajardiners.cat\/es\/quienes-somos\/\" \/>\n<meta property=\"og:site_name\" content=\"La Mata Jardiners\" \/>\n<meta property=\"article:modified_time\" content=\"2023-04-25T10:34:06+00:00\" \/>\n<meta property=\"og:image\" content=\"https:\/\/lamatajardiners.cat\/wp-content\/uploads\/2022\/05\/quisom.jpg\" \/>\n<meta name=\"twitter:card\" content=\"summary_large_image\" \/>\n<meta name=\"twitter:label1\" content=\"Tiempo de lectura\" \/>\n\t<meta name=\"twitter:data1\" content=\"2 minutos\" \/>\n<script type=\"application\/ld+json\" class=\"yoast-schema-graph\">{\"@context\":\"https:\/\/schema.org\",\"@graph\":[{\"@type\":\"WebPage\",\"@id\":\"https:\/\/lamatajardiners.cat\/es\/quienes-somos\/\",\"url\":\"https:\/\/lamatajardiners.cat\/es\/quienes-somos\/\",\"name\":\"Quienes somos - La Mata Jardiners\",\"isPartOf\":{\"@id\":\"https:\/\/lamatajardiners.cat\/es\/#website\"},\"datePublished\":\"2022-05-31T09:03:54+00:00\",\"dateModified\":\"2023-04-25T10:34:06+00:00\",\"description\":\"\u00bfQuienes somos? Som una cooperativa de floristeria situada al carrer Argentona 20 de Matar\u00f3 especialistes en composicions florals.\",\"breadcrumb\":{\"@id\":\"https:\/\/lamatajardiners.cat\/es\/quienes-somos\/#breadcrumb\"},\"inLanguage\":\"es\",\"potentialAction\":[{\"@type\":\"ReadAction\",\"target\":[\"https:\/\/lamatajardiners.cat\/es\/quienes-somos\/\"]}]},{\"@type\":\"BreadcrumbList\",\"@id\":\"https:\/\/lamatajardiners.cat\/es\/quienes-somos\/#breadcrumb\",\"itemListElement\":[{\"@type\":\"ListItem\",\"position\":1,\"name\":\"Inici\",\"item\":\"https:\/\/lamatajardiners.cat\/es\/\"},{\"@type\":\"ListItem\",\"position\":2,\"name\":\"Quienes somos\"}]},{\"@type\":\"WebSite\",\"@id\":\"https:\/\/lamatajardiners.cat\/es\/#website\",\"url\":\"https:\/\/lamatajardiners.cat\/es\/\",\"name\":\"La Mata Jardiners\",\"description\":\"\",\"publisher\":{\"@id\":\"https:\/\/lamatajardiners.cat\/es\/#organization\"},\"potentialAction\":[{\"@type\":\"SearchAction\",\"target\":{\"@type\":\"EntryPoint\",\"urlTemplate\":\"https:\/\/lamatajardiners.cat\/es\/?s={search_term_string}\"},\"query-input\":\"required name=search_term_string\"}],\"inLanguage\":\"es\"},{\"@type\":\"Organization\",\"@id\":\"https:\/\/lamatajardiners.cat\/es\/#organization\",\"name\":\"La Mata Jardiners\",\"url\":\"https:\/\/lamatajardiners.cat\/es\/\",\"logo\":{\"@type\":\"ImageObject\",\"inLanguage\":\"es\",\"@id\":\"https:\/\/lamatajardiners.cat\/es\/#\/schema\/logo\/image\/\",\"url\":\"https:\/\/lamatajardiners.cat\/wp-content\/uploads\/2022\/06\/logogreen.png\",\"contentUrl\":\"https:\/\/lamatajardiners.cat\/wp-content\/uploads\/2022\/06\/logogreen.png\",\"width\":709,\"height\":166,\"caption\":\"La Mata Jardiners\"},\"image\":{\"@id\":\"https:\/\/lamatajardiners.cat\/es\/#\/schema\/logo\/image\/\"},\"sameAs\":[\"https:\/\/instagram.com\/floristeria_la_mata_jardiners\"]}]}<\/script>\n<!-- \/ Yoast SEO plugin. -->","yoast_head_json":{"title":"Quienes somos - La Mata Jardiners","description":"\u00bfQuienes somos? Som una cooperativa de floristeria situada al carrer Argentona 20 de Matar\u00f3 especialistes en composicions florals.","robots":{"index":"index","follow":"follow","max-snippet":"max-snippet:-1","max-image-preview":"max-image-preview:large","max-video-preview":"max-video-preview:-1"},"canonical":"https:\/\/lamatajardiners.cat\/es\/quienes-somos\/","og_locale":"es_ES","og_type":"article","og_title":"Quienes somos - La Mata Jardiners","og_description":"\u00bfQuienes somos? Som una cooperativa de floristeria situada al carrer Argentona 20 de Matar\u00f3 especialistes en composicions florals.","og_url":"https:\/\/lamatajardiners.cat\/es\/quienes-somos\/","og_site_name":"La Mata Jardiners","article_modified_time":"2023-04-25T10:34:06+00:00","og_image":[{"url":"https:\/\/lamatajardiners.cat\/wp-content\/uploads\/2022\/05\/quisom.jpg"}],"twitter_card":"summary_large_image","twitter_misc":{"Tiempo de lectura":"2 minutos"},"schema":{"@context":"https:\/\/schema.org","@graph":[{"@type":"WebPage","@id":"https:\/\/lamatajardiners.cat\/es\/quienes-somos\/","url":"https:\/\/lamatajardiners.cat\/es\/quienes-somos\/","name":"Quienes somos - La Mata Jardiners","isPartOf":{"@id":"https:\/\/lamatajardiners.cat\/es\/#website"},"datePublished":"2022-05-31T09:03:54+00:00","dateModified":"2023-04-25T10:34:06+00:00","description":"\u00bfQuienes somos? Som una cooperativa de floristeria situada al carrer Argentona 20 de Matar\u00f3 especialistes en composicions florals.","breadcrumb":{"@id":"https:\/\/lamatajardiners.cat\/es\/quienes-somos\/#breadcrumb"},"inLanguage":"es","potentialAction":[{"@type":"ReadAction","target":["https:\/\/lamatajardiners.cat\/es\/quienes-somos\/"]}]},{"@type":"BreadcrumbList","@id":"https:\/\/lamatajardiners.cat\/es\/quienes-somos\/#breadcrumb","itemListElement":[{"@type":"ListItem","position":1,"name":"Inici","item":"https:\/\/lamatajardiners.cat\/es\/"},{"@type":"ListItem","position":2,"name":"Quienes somos"}]},{"@type":"WebSite","@id":"https:\/\/lamatajardiners.cat\/es\/#website","url":"https:\/\/lamatajardiners.cat\/es\/","name":"La Mata Jardiners","description":"","publisher":{"@id":"https:\/\/lamatajardiners.cat\/es\/#organization"},"potentialAction":[{"@type":"SearchAction","target":{"@type":"EntryPoint","urlTemplate":"https:\/\/lamatajardiners.cat\/es\/?s={search_term_string}"},"query-input":"required name=search_term_string"}],"inLanguage":"es"},{"@type":"Organization","@id":"https:\/\/lamatajardiners.cat\/es\/#organization","name":"La Mata Jardiners","url":"https:\/\/lamatajardiners.cat\/es\/","logo":{"@type":"ImageObject","inLanguage":"es","@id":"https:\/\/lamatajardiners.cat\/es\/#\/schema\/logo\/image\/","url":"https:\/\/lamatajardiners.cat\/wp-content\/uploads\/2022\/06\/logogreen.png","contentUrl":"https:\/\/lamatajardiners.cat\/wp-content\/uploads\/2022\/06\/logogreen.png","width":709,"height":166,"caption":"La Mata Jardiners"},"image":{"@id":"https:\/\/lamatajardiners.cat\/es\/#\/schema\/logo\/image\/"},"sameAs":["https:\/\/instagram.com\/floristeria_la_mata_jardiners"]}]}},"_links":{"self":[{"href":"https:\/\/lamatajardiners.cat\/es\/wp-json\/wp\/v2\/pages\/1839"}],"collection":[{"href":"https:\/\/lamatajardiners.cat\/es\/wp-json\/wp\/v2\/pages"}],"about":[{"href":"https:\/\/lamatajardiners.cat\/es\/wp-json\/wp\/v2\/types\/page"}],"author":[{"embeddable":true,"href":"https:\/\/lamatajardiners.cat\/es\/wp-json\/wp\/v2\/users\/1"}],"replies":[{"embeddable":true,"href":"https:\/\/lamatajardiners.cat\/es\/wp-json\/wp\/v2\/comments?post=1839"}],"version-history":[{"count":5,"href":"https:\/\/lamatajardiners.cat\/es\/wp-json\/wp\/v2\/pages\/1839\/revisions"}],"predecessor-version":[{"id":1985,"href":"https:\/\/lamatajardiners.cat\/es\/wp-json\/wp\/v2\/pages\/1839\/revisions\/1985"}],"wp:attachment":[{"href":"https:\/\/lamatajardiners.cat\/es\/wp-json\/wp\/v2\/media?parent=1839"}],"curies":[{"name":"wp","href":"https:\/\/api.w.org\/{rel}","templated":true}]}}